{"id":10456,"date":"2025-04-17T17:24:28","date_gmt":"2025-04-17T15:24:28","guid":{"rendered":"https:\/\/www.pontdelarche.fr\/?page_id=10456"},"modified":"2026-01-30T14:47:36","modified_gmt":"2026-01-30T13:47:36","slug":"inscription-sur-les-listes-electorales-a-pont-de-larche","status":"publish","type":"page","link":"https:\/\/www.pontdelarche.fr\/en\/inscription-sur-les-listes-electorales-a-pont-de-larche\/","title":{"rendered":"Inscription sur les listes \u00e9lectorales \u00e0 Pont-de-l\u2019Arche"},"content":{"rendered":"<p>[et_pb_section fb_built=\u00a0\u00bb1&Prime; _builder_version=\u00a0\u00bb4.27.4&Prime; _module_preset=\u00a0\u00bbdefault\u00a0\u00bb custom_margin=\u00a0\u00bb0px||0px||false|false\u00a0\u00bb custom_padding=\u00a0\u00bb32px||32px||false|false\u00a0\u00bb global_colors_info=\u00a0\u00bb{}\u00a0\u00bb][et_pb_row _builder_version=\u00a0\u00bb4.27.4&Prime; _module_preset=\u00a0\u00bbdefault\u00a0\u00bb hover_enabled=\u00a0\u00bb0&Prime; global_colors_info=\u00a0\u00bb{}\u00a0\u00bb sticky_enabled=\u00a0\u00bb0&Prime;][et_pb_column type=\u00a0\u00bb4_4&Prime; _builder_version=\u00a0\u00bb4.27.4&Prime; _module_preset=\u00a0\u00bbdefault\u00a0\u00bb global_colors_info=\u00a0\u00bb{}\u00a0\u00bb][et_pb_text _builder_version=\u00a0\u00bb4.27.4&Prime; _module_preset=\u00a0\u00bbdefault\u00a0\u00bb global_colors_info=\u00a0\u00bb{}\u00a0\u00bb]<\/p>\n<h1>Inscription sur les listes \u00e9lectorales<\/h1>\n<p>[\/et_pb_text][et_pb_text _builder_version=\u00a0\u00bb4.27.5&Prime; _module_preset=\u00a0\u00bbdefault\u00a0\u00bb width=\u00a0\u00bb50%\u00a0\u00bb width_tablet=\u00a0\u00bb100%\u00a0\u00bb width_phone=\u00a0\u00bb100%\u00a0\u00bb width_last_edited=\u00a0\u00bbon|desktop\u00a0\u00bb custom_margin=\u00a0\u00bb0px||0px||false|false\u00a0\u00bb custom_padding=\u00a0\u00bb2px||0px||false|false\u00a0\u00bb hover_enabled=\u00a0\u00bb0&Prime; global_colors_info=\u00a0\u00bb{}\u00a0\u00bb sticky_enabled=\u00a0\u00bb0&Prime;]<\/p>\n<p data-start=\"386\" data-end=\"552\" class=\"\"><strong>ELECTIONS MUNICIPALES | 15 et 22 MARS 2026<br \/><\/strong><strong>Pour voter, l\u2019inscription sur les listes \u00e9lectorales est obligatoire.<\/strong><\/p>\n<p data-start=\"386\" data-end=\"552\" class=\"\"><strong>&#8211; Qui peut voter ?<\/strong><br \/>Tous les Arch\u00e9pontains de plus de 18 ans, de nationalit\u00e9 fran\u00e7aise ou issus d\u2019un pays de l\u2019Union europ\u00e9enne peuvent voter <strong>qu\u2019ils sont inscrits<\/strong> <strong>sur les listes \u00e9lectorales.<\/strong> <br \/><strong>! ! Si vous avez un doute sur votre inscription \u00e0 Pont de l\u2019Arche, contactez le service \u00e9lections aux horaires d\u2019ouverture de la mairie : 02 32 98 90 70<\/strong><\/p>\n<p data-start=\"386\" data-end=\"552\" class=\"\"><strong>&#8211; Vous avez eu ou aller avoir 18 ans \u00e0 la veille du scrutin,<\/strong> et vous avez r\u00e9alis\u00e9 votre recensement \u00e0 Pont de l\u2019Arche, <strong>votre inscription<\/strong> sur la <strong>liste \u00e9lectorale <\/strong><span style=\"text-decoration: underline;\"><strong>est automatique.<\/strong><\/span><br \/>En revanche, vous avez proc\u00e9d\u00e9 \u00e0 votre <strong>recensement dans une autre commune, vous devez effectuer votre inscription sur la liste \u00e9lectorale aupr\u00e8s de la mairie de domicile.<\/strong><\/p>\n<p data-start=\"554\" data-end=\"645\" class=\"\">[\/et_pb_text][et_pb_text _builder_version=\u00a0\u00bb4.27.5&Prime; _module_preset=\u00a0\u00bbdefault\u00a0\u00bb custom_margin=\u00a0\u00bb0px||0px||false|false\u00a0\u00bb custom_padding=\u00a0\u00bb0px||0px||false|false\u00a0\u00bb hover_enabled=\u00a0\u00bb0&Prime; global_colors_info=\u00a0\u00bb{}\u00a0\u00bb sticky_enabled=\u00a0\u00bb0&Prime;]<\/p>\n<p data-start=\"554\" data-end=\"645\" class=\"\">\ud83d\udccd <strong data-start=\"557\" data-end=\"587\">O\u00f9 et comment s\u2019inscrire ?<br \/><\/strong><strong data-start=\"557\" data-end=\"587\"><\/strong><strong data-start=\"557\" data-end=\"587\">Vous ne vous \u00eates jamais inscrit ? Vous avez d\u00e9m\u00e9nag\u00e9 et ne vous \u00eates pas encore inscrit \u00e0 Pont de l\u2019Arche ?<br \/>Vous avez deux solutions pour :<\/strong><\/p>\n<ul>\n<li>En ligne j<strong>usqu\u2019au 4 f\u00e9vrier<\/strong>, via service-public, <a href=\"https:\/\/www.service-public.fr\/particuliers\/vosdroits\/N47\" target=\"_blank\" rel=\"noopener\">portail officiel <\/a>avec un justificatif d\u2019identit\u00e9 et de domicile de moins de 3 mois.<\/li>\n<li><strong>Jusqu\u2019au 6 f\u00e9vrier en mairie,<\/strong> en consulat ou par courrier \u00e0 :<br \/>Mairie &#8211; 19, rue Maurice Delamare, 27340 Pont de l\u2019Arche, en joignant le formulaire <em><strong>Cerfa n\u00b012669*02 (disponible sur Internet ou en mairie)<\/strong> <\/em>avec pi\u00e8ce justificative d\u2019identit\u00e9 en cours de validit\u00e9 et de domicile de <strong>moins de 3 mois.<\/strong><\/li>\n<\/ul>\n<p data-start=\"788\" data-end=\"902\" class=\"\">\ud83d\uddf3\ufe0f <strong>O\u00f9 je vote ?<\/strong><br data-start=\"829\" data-end=\"832\" \/>La Ville compte 3 bureaux. depuis le <strong>1er janvier 2026, les bureaux de vote 1 et 2 changent d&rsquo;endroit :<br \/><\/strong>&#8211; Bureau. 1 : en mairie &#8211; salle du Conseil, 19 rue Maurice Delamare<br \/>&#8211; Bureau. 2 : R\u00e9sidence les Pins &#8211; 19 rue Roger Bonnet<br \/>&#8211; Bureau. 3 : Gymnase du Bon Air- rue Nungesser et Coli.<\/p>\n<p data-start=\"788\" data-end=\"902\" class=\"\"><strong>Si vous \u00eates concern\u00e9 par le changement des bureaux de vote 1 et 2, vous n\u2019avez aucune d\u00e9marche \u00e0 faire.<\/strong><\/p>\n<p data-start=\"788\" data-end=\"902\" class=\"\"><strong>\u00a0! ! Rappel &#8211; En cas de d\u00e9m\u00e9nagement dans la commune, votre bureau de vote peut changer. <\/strong>Il est donc essentiel de v\u00e9rifier cette information et faire les modifications n\u00e9cessaires aupr\u00e8s de la mairie.<\/p>\n<p data-start=\"788\" data-end=\"902\" class=\"\"><strong>Ma carte \u00e9lectorale est-elle obligatoire ?<\/strong><br \/>Elle prouve votre inscription sur les listes \u00e9lectorales, il est donc <strong>conseill\u00e9 de la pr\u00e9senter<\/strong> le jour du vote <strong>en plus de votre carte d\u2019identit\u00e9<\/strong>. Vous la recevrez par courrier \u00e0 votre domicile quelques semaines avant le scrutin <span style=\"text-decoration: underline;\"><strong>uniquement pour les nouveaux inscrits ou les changements d\u2019adresse dans la commune.<\/strong><\/span> Si vous ne l\u2019avez pas re\u00e7u ou si vous l\u2019avez perdu, vous devez contacter la mairie pour v\u00e9rifier votre inscription.<\/p>\n<p data-start=\"788\" data-end=\"902\" class=\"\">Vous pourrez voter en pr\u00e9sentant uniquement un document d\u2019identit\u00e9 (obligatoire) en cours de validit\u00e9 : carte nationale d\u2019identit\u00e9, passeport, permis de conduire, carte vitale avec photo&#8230;<br \/><strong>Vous devez pr\u00e9senter l\u2019original du document.<\/strong> Une photographie, un t\u00e9l\u00e9chargement sur smartphone ou une photocopie <span style=\"text-decoration: underline;\"><strong>ne sont pas accept\u00e9s.<\/strong><\/span><\/p>\n<p><strong>Vous \u00eates absent le jour du scrutin ? Vous pouvez d\u00e9signer, d\u00e8s maintenant, l\u2019\u00e9lecteur de votre choix qui votera \u00e0 votre place dans votre bureau de vote.<br \/><\/strong><strong>Je vote par PROCURATION :\u00a0<\/strong><\/p>\n<p><strong><\/strong>1. METHODE CLASSIQUE :<br \/>Vous devez vous procurer le formulaire agr\u00e9e<strong> (<a href=\"chrome-extension:\/\/efaidnbmnnnibpcajpcglclefindmkaj\/https:\/\/www.rif.mer.gouv.fr\/IMG\/pdf\/formulaire_de_procuration_electorale_cerfa14952-03.pdf\">CERFA 14952*03<\/a>) en mairie ou gendarmerie, sur internet sur <a href=\"https:\/\/www.service-public.gouv.fr\/particuliers\/vosdroits\/R12675\">www.service-public.fr<\/a> et le d\u00e9poser \u00e0 la gendarmerie muni de votre pi\u00e8ce d\u2019identit\u00e9.<\/strong><span style=\"text-decoration: underline;\"><strong><\/strong><\/span><strong><\/strong><\/p>\n<p data-start=\"788\" data-end=\"902\" class=\"\">1. PROCURATION 100% D\u00c9MAT\u00c9RIALIS\u00c9E :<br \/>Deux conditions requises :<br \/><strong>&#8211; Poss\u00e9der votre carte nationale d\u2019identit\u00e9 au \u00ab format carte bancaire \u00bb.<br \/>&#8211; Avoir certifi\u00e9 votre identit\u00e9 num\u00e9rique en mairie (sans rendez-vous et aux heures d\u2019ouverture de la mairie)<\/strong><\/p>\n<p data-start=\"788\" data-end=\"902\" class=\"\"><strong>Pour faire <a href=\"https:\/\/france-identite.gouv.fr\/identite-numerique-certifiee\/\">certifier votre identit\u00e9<\/a> num\u00e9rique sur France Identit\u00e9 vous devez utiliser le t\u00e9l\u00e9service <a href=\"https:\/\/www.maprocuration.gouv.fr\/\">\u00ab Maprocuration \u00bb<\/a>. Pour cela, connectez vous sur <a href=\"https:\/\/www.franceconnect.gouv.fr\/\">France Connect<\/a> et indiquez une adresse mail.<br \/>S\u2019agissant de l\u2019\u00e9lecteur charg\u00e9 de voter \u00e0 votre place (votre mandataire), vous devez conna\u00eetre :<br \/><\/strong>&#8211; Soit sa date de naissance et son num\u00e9ro d\u2019\u00e9lecteur. Vous pouvez retrouver ce num\u00e9ro \u00e0 l\u2019aide de ce t\u00e9l\u00e9service et sur sa carte \u00e9lectorale.<br \/>&#8211; Soit sa date de naissance, ses pr\u00e9noms, son nom et la commune o\u00f9 il vote.<strong><br \/>Vous devez alors indiquer la commune o\u00f9 vous vous trouvez, puis attester de votre identit\u00e9 \u00e0 l\u2019aide de votre identit\u00e9 num\u00e9rique certifi\u00e9e.<\/strong><\/p>\n<p data-start=\"788\" data-end=\"902\" class=\"\"><strong>Ensuite, vous recevrez :<br \/><\/strong>\u00a0&#8211; Un mail contenant le r\u00e9c\u00e9piss\u00e9 de votre demande de procuration, et un mail indiquant que votre procuration est effective.<\/p>\n<p data-start=\"788\" data-end=\"902\" class=\"\"><strong>Attention ! Votre mandataire ne peut avoir qu\u2019une seule procuration.<\/strong><\/p>\n<p data-start=\"904\" data-end=\"1014\" class=\"\">\ud83d\udc49 <a data-start=\"907\" data-end=\"1014\" class=\"keychainify-checked\" href=\"https:\/\/www.service-public.fr\/particuliers\/vosdroits\/N47\">Acc\u00e9der au service en ligne \u2013 service-public.fr<\/a><\/p>\n<p>[\/et_pb_text][\/et_pb_column][\/et_pb_row][\/et_pb_section]<\/p>\n","protected":false},"excerpt":{"rendered":"<p>Inscription sur les listes \u00e9lectoralesELECTIONS MUNICIPALES | 15 et 22 MARS 2026Pour voter, l\u2019inscription sur les listes \u00e9lectorales est obligatoire. &#8211; Qui peut voter ?Tous les Arch\u00e9pontains de plus de 18 ans, de nationalit\u00e9 fran\u00e7aise ou issus d\u2019un pays de l\u2019Union europ\u00e9enne peuvent voter qu\u2019ils sont inscrits sur les listes \u00e9lectorales. ! ! Si vous [&hellip;]<\/p>\n","protected":false},"author":1,"featured_media":0,"parent":0,"menu_order":0,"comment_status":"closed","ping_status":"closed","template":"","meta":{"_acf_changed":false,"_et_pb_use_builder":"on","_et_pb_old_content":"","_et_gb_content_width":"","inline_featured_image":false,"footnotes":""},"class_list":["post-10456","page","type-page","status-publish","hentry"],"acf":[],"yoast_head":"<!-- This site is optimized with the Yoast SEO plugin v27.4 - https:\/\/yoast.com\/product\/yoast-seo-wordpress\/ -->\n<title>Inscription sur les listes \u00e9lectorales \u00e0 Pont-de-l\u2019Arche - Pont de l&#039;Arche<\/title>\n<meta name=\"robots\" content=\"index, follow, max-snippet:-1, max-image-preview:large, max-video-preview:-1\" \/>\n<link rel=\"canonical\" href=\"https:\/\/www.pontdelarche.fr\/en\/inscription-sur-les-listes-electorales-a-pont-de-larche\/\" \/>\n<meta property=\"og:locale\" content=\"en_GB\" \/>\n<meta property=\"og:type\" content=\"article\" \/>\n<meta property=\"og:title\" content=\"Inscription sur les listes \u00e9lectorales \u00e0 Pont-de-l\u2019Arche - Pont de l&#039;Arche\" \/>\n<meta property=\"og:description\" content=\"Inscription sur les listes \u00e9lectoralesELECTIONS MUNICIPALES | 15 et 22 MARS 2026Pour voter, l\u2019inscription sur les listes \u00e9lectorales est obligatoire. - Qui peut voter ?Tous les Arch\u00e9pontains de plus de 18 ans, de nationalit\u00e9 fran\u00e7aise ou issus d\u2019un pays de l\u2019Union europ\u00e9enne peuvent voter qu\u2019ils sont inscrits sur les listes \u00e9lectorales. ! ! Si vous [&hellip;]\" \/>\n<meta property=\"og:url\" content=\"https:\/\/www.pontdelarche.fr\/en\/inscription-sur-les-listes-electorales-a-pont-de-larche\/\" \/>\n<meta property=\"og:site_name\" content=\"Pont de l&#039;Arche\" \/>\n<meta property=\"article:modified_time\" content=\"2026-01-30T13:47:36+00:00\" \/>\n<meta name=\"twitter:card\" content=\"summary_large_image\" \/>\n<script type=\"application\/ld+json\" class=\"yoast-schema-graph\">{\"@context\":\"https:\\\/\\\/schema.org\",\"@graph\":[{\"@type\":\"WebPage\",\"@id\":\"https:\\\/\\\/www.pontdelarche.fr\\\/inscription-sur-les-listes-electorales-a-pont-de-larche\\\/\",\"url\":\"https:\\\/\\\/www.pontdelarche.fr\\\/inscription-sur-les-listes-electorales-a-pont-de-larche\\\/\",\"name\":\"Inscription sur les listes \u00e9lectorales \u00e0 Pont-de-l\u2019Arche - Pont de l&#039;Arche\",\"isPartOf\":{\"@id\":\"https:\\\/\\\/www.pontdelarche.fr\\\/#website\"},\"datePublished\":\"2025-04-17T15:24:28+00:00\",\"dateModified\":\"2026-01-30T13:47:36+00:00\",\"breadcrumb\":{\"@id\":\"https:\\\/\\\/www.pontdelarche.fr\\\/inscription-sur-les-listes-electorales-a-pont-de-larche\\\/#breadcrumb\"},\"inLanguage\":\"en-GB\",\"potentialAction\":[{\"@type\":\"ReadAction\",\"target\":[\"https:\\\/\\\/www.pontdelarche.fr\\\/inscription-sur-les-listes-electorales-a-pont-de-larche\\\/\"]}]},{\"@type\":\"BreadcrumbList\",\"@id\":\"https:\\\/\\\/www.pontdelarche.fr\\\/inscription-sur-les-listes-electorales-a-pont-de-larche\\\/#breadcrumb\",\"itemListElement\":[{\"@type\":\"ListItem\",\"position\":1,\"name\":\"Accueil\",\"item\":\"https:\\\/\\\/www.pontdelarche.fr\\\/\"},{\"@type\":\"ListItem\",\"position\":2,\"name\":\"Inscription sur les listes \u00e9lectorales \u00e0 Pont-de-l\u2019Arche\"}]},{\"@type\":\"WebSite\",\"@id\":\"https:\\\/\\\/www.pontdelarche.fr\\\/#website\",\"url\":\"https:\\\/\\\/www.pontdelarche.fr\\\/\",\"name\":\"Pont-de-l'Arche\",\"description\":\"\",\"publisher\":{\"@id\":\"https:\\\/\\\/www.pontdelarche.fr\\\/#organization\"},\"potentialAction\":[{\"@type\":\"SearchAction\",\"target\":{\"@type\":\"EntryPoint\",\"urlTemplate\":\"https:\\\/\\\/www.pontdelarche.fr\\\/?s={search_term_string}\"},\"query-input\":{\"@type\":\"PropertyValueSpecification\",\"valueRequired\":true,\"valueName\":\"search_term_string\"}}],\"inLanguage\":\"en-GB\"},{\"@type\":\"Organization\",\"@id\":\"https:\\\/\\\/www.pontdelarche.fr\\\/#organization\",\"name\":\"Pont-de-l'Arche\",\"url\":\"https:\\\/\\\/www.pontdelarche.fr\\\/\",\"logo\":{\"@type\":\"ImageObject\",\"inLanguage\":\"en-GB\",\"@id\":\"https:\\\/\\\/www.pontdelarche.fr\\\/#\\\/schema\\\/logo\\\/image\\\/\",\"url\":\"https:\\\/\\\/www.pontdelarche.fr\\\/wp-content\\\/uploads\\\/2023\\\/05\\\/pdla_logo.png\",\"contentUrl\":\"https:\\\/\\\/www.pontdelarche.fr\\\/wp-content\\\/uploads\\\/2023\\\/05\\\/pdla_logo.png\",\"width\":1000,\"height\":250,\"caption\":\"Pont-de-l'Arche\"},\"image\":{\"@id\":\"https:\\\/\\\/www.pontdelarche.fr\\\/#\\\/schema\\\/logo\\\/image\\\/\"}}]}<\/script>\n<!-- \/ Yoast SEO plugin. -->","yoast_head_json":{"title":"Inscription sur les listes \u00e9lectorales \u00e0 Pont-de-l\u2019Arche - Pont de l&#039;Arche","robots":{"index":"index","follow":"follow","max-snippet":"max-snippet:-1","max-image-preview":"max-image-preview:large","max-video-preview":"max-video-preview:-1"},"canonical":"https:\/\/www.pontdelarche.fr\/en\/inscription-sur-les-listes-electorales-a-pont-de-larche\/","og_locale":"en_GB","og_type":"article","og_title":"Inscription sur les listes \u00e9lectorales \u00e0 Pont-de-l\u2019Arche - Pont de l&#039;Arche","og_description":"Inscription sur les listes \u00e9lectoralesELECTIONS MUNICIPALES | 15 et 22 MARS 2026Pour voter, l\u2019inscription sur les listes \u00e9lectorales est obligatoire. - Qui peut voter ?Tous les Arch\u00e9pontains de plus de 18 ans, de nationalit\u00e9 fran\u00e7aise ou issus d\u2019un pays de l\u2019Union europ\u00e9enne peuvent voter qu\u2019ils sont inscrits sur les listes \u00e9lectorales. ! ! Si vous [&hellip;]","og_url":"https:\/\/www.pontdelarche.fr\/en\/inscription-sur-les-listes-electorales-a-pont-de-larche\/","og_site_name":"Pont de l&#039;Arche","article_modified_time":"2026-01-30T13:47:36+00:00","twitter_card":"summary_large_image","schema":{"@context":"https:\/\/schema.org","@graph":[{"@type":"WebPage","@id":"https:\/\/www.pontdelarche.fr\/inscription-sur-les-listes-electorales-a-pont-de-larche\/","url":"https:\/\/www.pontdelarche.fr\/inscription-sur-les-listes-electorales-a-pont-de-larche\/","name":"Inscription sur les listes \u00e9lectorales \u00e0 Pont-de-l\u2019Arche - Pont de l&#039;Arche","isPartOf":{"@id":"https:\/\/www.pontdelarche.fr\/#website"},"datePublished":"2025-04-17T15:24:28+00:00","dateModified":"2026-01-30T13:47:36+00:00","breadcrumb":{"@id":"https:\/\/www.pontdelarche.fr\/inscription-sur-les-listes-electorales-a-pont-de-larche\/#breadcrumb"},"inLanguage":"en-GB","potentialAction":[{"@type":"ReadAction","target":["https:\/\/www.pontdelarche.fr\/inscription-sur-les-listes-electorales-a-pont-de-larche\/"]}]},{"@type":"BreadcrumbList","@id":"https:\/\/www.pontdelarche.fr\/inscription-sur-les-listes-electorales-a-pont-de-larche\/#breadcrumb","itemListElement":[{"@type":"ListItem","position":1,"name":"Accueil","item":"https:\/\/www.pontdelarche.fr\/"},{"@type":"ListItem","position":2,"name":"Inscription sur les listes \u00e9lectorales \u00e0 Pont-de-l\u2019Arche"}]},{"@type":"WebSite","@id":"https:\/\/www.pontdelarche.fr\/#website","url":"https:\/\/www.pontdelarche.fr\/","name":"Pont-de-l'Arche","description":"","publisher":{"@id":"https:\/\/www.pontdelarche.fr\/#organization"},"potentialAction":[{"@type":"SearchAction","target":{"@type":"EntryPoint","urlTemplate":"https:\/\/www.pontdelarche.fr\/?s={search_term_string}"},"query-input":{"@type":"PropertyValueSpecification","valueRequired":true,"valueName":"search_term_string"}}],"inLanguage":"en-GB"},{"@type":"Organization","@id":"https:\/\/www.pontdelarche.fr\/#organization","name":"Pont-de-l'Arche","url":"https:\/\/www.pontdelarche.fr\/","logo":{"@type":"ImageObject","inLanguage":"en-GB","@id":"https:\/\/www.pontdelarche.fr\/#\/schema\/logo\/image\/","url":"https:\/\/www.pontdelarche.fr\/wp-content\/uploads\/2023\/05\/pdla_logo.png","contentUrl":"https:\/\/www.pontdelarche.fr\/wp-content\/uploads\/2023\/05\/pdla_logo.png","width":1000,"height":250,"caption":"Pont-de-l'Arche"},"image":{"@id":"https:\/\/www.pontdelarche.fr\/#\/schema\/logo\/image\/"}}]}},"_links":{"self":[{"href":"https:\/\/www.pontdelarche.fr\/en\/wp-json\/wp\/v2\/pages\/10456","targetHints":{"allow":["GET"]}}],"collection":[{"href":"https:\/\/www.pontdelarche.fr\/en\/wp-json\/wp\/v2\/pages"}],"about":[{"href":"https:\/\/www.pontdelarche.fr\/en\/wp-json\/wp\/v2\/types\/page"}],"author":[{"embeddable":true,"href":"https:\/\/www.pontdelarche.fr\/en\/wp-json\/wp\/v2\/users\/1"}],"replies":[{"embeddable":true,"href":"https:\/\/www.pontdelarche.fr\/en\/wp-json\/wp\/v2\/comments?post=10456"}],"version-history":[{"count":5,"href":"https:\/\/www.pontdelarche.fr\/en\/wp-json\/wp\/v2\/pages\/10456\/revisions"}],"predecessor-version":[{"id":10860,"href":"https:\/\/www.pontdelarche.fr\/en\/wp-json\/wp\/v2\/pages\/10456\/revisions\/10860"}],"wp:attachment":[{"href":"https:\/\/www.pontdelarche.fr\/en\/wp-json\/wp\/v2\/media?parent=10456"}],"curies":[{"name":"wp","href":"https:\/\/api.w.org\/{rel}","templated":true}]}}